{"id":1395,"date":"2019-11-15T18:55:52","date_gmt":"2019-11-15T18:55:52","guid":{"rendered":"https:\/\/www.commercemtlnord.ca\/pie-ix\/?page_id=1395"},"modified":"2024-11-22T16:26:55","modified_gmt":"2024-11-22T16:26:55","slug":"investir","status":"publish","type":"page","link":"https:\/\/www.commercemtlnord.ca\/charleroi\/investir\/","title":{"rendered":"Investir, rue de Charleroi"},"content":{"rendered":"<div class=\"wp-block-image\">\n<figure class=\"aligncenter size-full\"><img loading=\"lazy\" decoding=\"async\" width=\"1428\" height=\"579\" src=\"https:\/\/www.commercemtlnord.ca\/charleroi\/wp-content\/uploads\/sites\/3\/2019\/12\/charleroi_3.jpg\" alt=\"investir cdec montr\u00e9al-nord\" class=\"wp-image-1668\" srcset=\"https:\/\/www.commercemtlnord.ca\/charleroi\/wp-content\/uploads\/sites\/3\/2019\/12\/charleroi_3.jpg 1428w, https:\/\/www.commercemtlnord.ca\/charleroi\/wp-content\/uploads\/sites\/3\/2019\/12\/charleroi_3-300x122.jpg 300w, https:\/\/www.commercemtlnord.ca\/charleroi\/wp-content\/uploads\/sites\/3\/2019\/12\/charleroi_3-768x311.jpg 768w, https:\/\/www.commercemtlnord.ca\/charleroi\/wp-content\/uploads\/sites\/3\/2019\/12\/charleroi_3-1024x415.jpg 1024w\" sizes=\"auto, (max-width: 1428px) 100vw, 1428px\" \/><\/figure><\/div>\n\n\n<div style=\"height:48px\" aria-hidden=\"true\" class=\"wp-block-spacer\"><\/div>\n\n\n\n<div class=\"wp-block-columns is-layout-flex wp-container-core-columns-is-layout-9d6595d7 wp-block-columns-is-layout-flex\">\n<div class=\"wp-block-column is-layout-flow wp-block-column-is-layout-flow\" style=\"flex-basis:10%\"><\/div>\n\n\n\n<div class=\"wp-block-column is-layout-flow wp-block-column-is-layout-flow\" style=\"flex-basis:80%\">\n<h2><span style=\"color: #e6873a\"><strong>Le P\u00f4le<br \/><\/strong><\/span><\/h2>\n<p><strong>Le P\u00f4le<\/strong> agit, en concertation avec le milieu d&rsquo;affaires, institutionnel et communautaire, pour assurer un d\u00e9veloppement \u00e9conomique r\u00e9pondant ad\u00e9quatement aux besoins socio-\u00e9conomiques des r\u00e9sidents.es du territoire nord-montr\u00e9alais. Il travaille notamment aupr\u00e8s des acteurs en pr\u00e9sence sur les art\u00e8res de proximit\u00e9 afin de concerter et de collectiviser ce d\u00e9veloppement.<\/p>\n<p>Pour consulter le site internet du P\u00f4le, veuillez cliquer sur le lien suivant : <a href=\"https:\/\/lepole.ca\/\">https:\/\/lepole.ca\/<\/a><\/p>\n<p>Si vous d\u00e9sirez contacter un.e agent.e de d\u00e9veloppement en revitalisation commerciale, veuillez contacter une des deux personnes ressources suivantes :<\/p>\n\n\n\n<div class=\"wp-block-columns is-layout-flex wp-container-core-columns-is-layout-9d6595d7 wp-block-columns-is-layout-flex\">\n<div class=\"wp-block-column is-layout-flow wp-block-column-is-layout-flow\" style=\"flex-basis:30%\">\n<p><b>Tania Berganza<\/b><br \/>438 521-1765<br \/><a href=\"tberganza@lepole.ca\">tberganza@lepole.ca<\/a><\/p>\n<\/div>\n\n\n\n<div class=\"wp-block-column is-layout-flow wp-block-column-is-layout-flow\" style=\"flex-basis:30%\"><\/div>\n\n\n\n<div class=\"wp-block-column is-layout-flow wp-block-column-is-layout-flow\" style=\"flex-basis:40%\"><\/div>\n<\/div>\n\n\n\n<h2><span style=\"color: #e6873a\"><strong>Arrondissement de Montr\u00e9al-Nord<\/strong><\/span><\/h2>\n<p dir=\"ltr\">Le commissaire au d\u00e9veloppement \u00e9conomique, avec l\u2019implication des diff\u00e9rentes \u00e9quipes de l\u2019arrondissement et de son r\u00e9seau de partenaires, a pour objectif d\u2019accompagner et de soutenir les gens d\u2019affaires dans la r\u00e9alisation et la concr\u00e9tisation de leurs projets sur le territoire.<\/p>\n<p dir=\"ltr\">Pour plus d\u2019information contactez :<\/p>\n<p><b>M. Ludovic Ngaroussabaye<\/b><br \/><em>Commissaire au d\u00e9veloppement \u00e9conomique<\/em><br \/>514 328-4000, poste 4178<br \/>514 243-5895 (cellulaire)<br \/><a href=\"mailto:charles.morisset@ville.montreal.qc.ca\" target=\"_blank\" rel=\"noopener noreferrer\">ludovic.ngaroussabaye@montreal.ca<\/a><\/p>\n<h2>\u00a0<\/h2>\n<h2><span style=\"color: #e6873a\"><strong>Locaux Vacants<\/strong><\/span><\/h2>\n<p>Vous \u00eates \u00e0 la recherche d\u2019un local pour d\u00e9velopper votre entreprise?<\/p>\n<p>La rue Fleury \u00e0 Montr\u00e9al-Nord vous offre l\u2019environnement id\u00e9al pour le d\u00e9velopper votre entreprise. Cette art\u00e8re commerciale bien connue de la plupart des Montr\u00e9alais se prolonge jusqu\u2019\u00e0 Montr\u00e9al-Nord. Vous tirerez certainement profit de cette renomm\u00e9e ainsi que des nombreuses opportunit\u00e9s commerciales pr\u00e9sentes sur cette rue dynamique et diversifi\u00e9e.<\/p>\n<p><b>Tania Berganza<br \/><\/b>\u200b438 521-1765<br \/><a href=\"mailto:ghiggins@cdecmtlnord.ca\">tberganza@lepole.ca<\/a><\/p>\n<h2>\u00a0<\/h2>\n<h2><span style=\"color: #e6873a\"><strong>PME MTL Est-de-l&rsquo;\u00eele<\/strong><\/span><\/h2>\n<p>\u200bPME MTL Est-de-l\u2019\u00eele offre des services d\u2019accompagnement, de financement et de formation des entrepreneurs.<\/p>\n<p>Consultez le site internet de PME MTL Est-de-l\u2019\u00eele en cliquant sur le lien suivant : <a href=\"https:\/\/pmemtl.com\/est\">https:\/\/pmemtl.com\/est<\/a><\/p>\n<\/div>\n\n\n\n<div class=\"wp-block-column is-layout-flow wp-block-column-is-layout-flow\" style=\"flex-basis:10%\"><\/div>\n<\/div>\n\n\n\n<h2 class=\"wp-block-heading\"><\/h2>\n\n\n\n<h2 class=\"wp-block-heading\"><\/h2>\n","protected":false},"excerpt":{"rendered":"<p>Le P\u00f4le Le P\u00f4le agit, en concertation avec le milieu d&rsquo;affaires, institutionnel et communautaire, pour assurer un d\u00e9veloppement \u00e9conomique r\u00e9pondant ad\u00e9quatement aux besoins socio-\u00e9conomiques des r\u00e9sidents.es du territoire nord-montr\u00e9alais. Il travaille notamment aupr\u00e8s des acteurs en pr\u00e9sence sur les art\u00e8res de proximit\u00e9 afin de concerter et de collectiviser ce d\u00e9veloppement. Pour consulter le site internet [&hellip;]<\/p>\n","protected":false},"author":1,"featured_media":0,"parent":0,"menu_order":0,"comment_status":"closed","ping_status":"closed","template":"page-sidebar-none.php","meta":{"inline_featured_image":false,"footnotes":""},"class_list":["post-1395","page","type-page","status-publish","hentry"],"_links":{"self":[{"href":"https:\/\/www.commercemtlnord.ca\/charleroi\/wp-json\/wp\/v2\/pages\/1395","targetHints":{"allow":["GET"]}}],"collection":[{"href":"https:\/\/www.commercemtlnord.ca\/charleroi\/wp-json\/wp\/v2\/pages"}],"about":[{"href":"https:\/\/www.commercemtlnord.ca\/charleroi\/wp-json\/wp\/v2\/types\/page"}],"author":[{"embeddable":true,"href":"https:\/\/www.commercemtlnord.ca\/charleroi\/wp-json\/wp\/v2\/users\/1"}],"replies":[{"embeddable":true,"href":"https:\/\/www.commercemtlnord.ca\/charleroi\/wp-json\/wp\/v2\/comments?post=1395"}],"version-history":[{"count":30,"href":"https:\/\/www.commercemtlnord.ca\/charleroi\/wp-json\/wp\/v2\/pages\/1395\/revisions"}],"predecessor-version":[{"id":2657,"href":"https:\/\/www.commercemtlnord.ca\/charleroi\/wp-json\/wp\/v2\/pages\/1395\/revisions\/2657"}],"wp:attachment":[{"href":"https:\/\/www.commercemtlnord.ca\/charleroi\/wp-json\/wp\/v2\/media?parent=1395"}],"curies":[{"name":"wp","href":"https:\/\/api.w.org\/{rel}","templated":true}]}}